{"id":569,"date":"2018-10-01T13:10:05","date_gmt":"2018-10-01T13:10:05","guid":{"rendered":"https:\/\/www.idv-fr.org\/index.php\/about-us\/"},"modified":"2025-01-09T11:24:09","modified_gmt":"2025-01-09T10:24:09","slug":"linstitut-des-viandes","status":"publish","type":"page","link":"https:\/\/www.idv-fr.org\/index.php\/linstitut-des-viandes\/","title":{"rendered":"QUI SOMMES-NOUS ?"},"content":{"rendered":"\t\t<div data-elementor-type=\"wp-post\" data-elementor-id=\"569\" class=\"elementor elementor-569\">\n\t\t\t\t\t\t<section class=\"elementor-section elementor-top-section elementor-element elementor-element-494f570a elementor-section-height-min-height elementor-section-content-middle elementor-section-boxed elementor-section-height-default elementor-section-items-middle\" data-id=\"494f570a\" data-element_type=\"section\" data-settings=\"{&quot;background_background&quot;:&quot;classic&quot;,&quot;shape_divider_bottom&quot;:&quot;triangle&quot;}\">\n\t\t\t\t\t\t\t<div class=\"elementor-background-overlay\"><\/div>\n\t\t\t\t\t\t<div class=\"elementor-shape elementor-shape-bottom\" aria-hidden=\"true\" data-negative=\"false\">\n\t\t\t<svg xmlns=\"http:\/\/www.w3.org\/2000\/svg\" viewBox=\"0 0 1000 100\" preserveAspectRatio=\"none\">\n\t<path class=\"elementor-shape-fill\" d=\"M500,98.9L0,6.1V0h1000v6.1L500,98.9z\"\/>\n<\/svg>\t\t<\/div>\n\t\t\t\t\t<div class=\"elementor-container elementor-column-gap-extended\">\n\t\t\t\t\t<div class=\"elementor-column elementor-col-100 elementor-top-column elementor-element elementor-element-7866b56d\" data-id=\"7866b56d\" data-element_type=\"column\">\n\t\t\t<div class=\"elementor-widget-wrap elementor-element-populated\">\n\t\t\t\t\t\t<div class=\"elementor-element elementor-element-2109fd99 elementor-widget elementor-widget-image\" data-id=\"2109fd99\" data-element_type=\"widget\" data-widget_type=\"image.default\">\n\t\t\t\t<div class=\"elementor-widget-container\">\n\t\t\t\t\t\t\t\t\t\t\t\t\t\t\t<img decoding=\"async\" src=\"https:\/\/www.idv-fr.org\/wp-content\/uploads\/2022\/09\/divider-free-img-1.png\" title=\"\" alt=\"\" loading=\"lazy\" \/>\t\t\t\t\t\t\t\t\t\t\t\t\t\t\t<\/div>\n\t\t\t\t<\/div>\n\t\t\t\t<div class=\"elementor-element elementor-element-af74da5 elementor-invisible elementor-widget elementor-widget-heading\" data-id=\"af74da5\" data-element_type=\"widget\" data-settings=\"{&quot;_animation&quot;:&quot;fadeInUp&quot;,&quot;_animation_delay&quot;:200}\" data-widget_type=\"heading.default\">\n\t\t\t\t<div class=\"elementor-widget-container\">\n\t\t\t\t\t<h1 class=\"elementor-heading-title elementor-size-xl\">QUI SOMMES-NOUS ?<\/h1>\t\t\t\t<\/div>\n\t\t\t\t<\/div>\n\t\t\t\t\t<\/div>\n\t\t<\/div>\n\t\t\t\t\t<\/div>\n\t\t<\/section>\n\t\t\t\t<section class=\"elementor-section elementor-top-section elementor-element elementor-element-438be5a1 elementor-section-boxed elementor-section-height-default elementor-section-height-default\" data-id=\"438be5a1\" data-element_type=\"section\" data-settings=\"{&quot;background_background&quot;:&quot;gradient&quot;}\">\n\t\t\t\t\t\t<div class=\"elementor-container elementor-column-gap-no\">\n\t\t\t\t\t<div class=\"elementor-column elementor-col-100 elementor-top-column elementor-element elementor-element-7d758eb\" data-id=\"7d758eb\" data-element_type=\"column\">\n\t\t\t<div class=\"elementor-widget-wrap elementor-element-populated\">\n\t\t\t\t\t\t<section class=\"elementor-section elementor-inner-section elementor-element elementor-element-8cb8660 elementor-section-content-middle elementor-section-boxed elementor-section-height-default elementor-section-height-default\" data-id=\"8cb8660\" data-element_type=\"section\">\n\t\t\t\t\t\t<div class=\"elementor-container elementor-column-gap-default\">\n\t\t\t\t\t<div class=\"elementor-column elementor-col-25 elementor-inner-column elementor-element elementor-element-4cf65221\" data-id=\"4cf65221\" data-element_type=\"column\">\n\t\t\t<div class=\"elementor-widget-wrap elementor-element-populated\">\n\t\t\t\t\t\t<div class=\"elementor-element elementor-element-0fcfa6f elementor-widget elementor-widget-image\" data-id=\"0fcfa6f\" data-element_type=\"widget\" data-widget_type=\"image.default\">\n\t\t\t\t<div class=\"elementor-widget-container\">\n\t\t\t\t\t\t\t\t\t\t\t\t\t\t\t<img fetchpriority=\"high\" decoding=\"async\" width=\"748\" height=\"826\" src=\"https:\/\/www.idv-fr.org\/wp-content\/uploads\/2022\/10\/Capture-decran-2022-10-05-a-14.42.11.png\" class=\"attachment-large size-large wp-image-1230\" alt=\"\" srcset=\"https:\/\/www.idv-fr.org\/wp-content\/uploads\/2022\/10\/Capture-decran-2022-10-05-a-14.42.11.png 748w, https:\/\/www.idv-fr.org\/wp-content\/uploads\/2022\/10\/Capture-decran-2022-10-05-a-14.42.11-272x300.png 272w\" sizes=\"(max-width: 748px) 100vw, 748px\" \/>\t\t\t\t\t\t\t\t\t\t\t\t\t\t\t<\/div>\n\t\t\t\t<\/div>\n\t\t\t\t\t<\/div>\n\t\t<\/div>\n\t\t\t\t<div class=\"elementor-column elementor-col-50 elementor-inner-column elementor-element elementor-element-165d7335\" data-id=\"165d7335\" data-element_type=\"column\">\n\t\t\t<div class=\"elementor-widget-wrap elementor-element-populated\">\n\t\t\t\t\t\t<div class=\"elementor-element elementor-element-6b73202e elementor-invisible elementor-widget elementor-widget-heading\" data-id=\"6b73202e\" data-element_type=\"widget\" data-settings=\"{&quot;_animation&quot;:&quot;fadeInDown&quot;}\" data-widget_type=\"heading.default\">\n\t\t\t\t<div class=\"elementor-widget-container\">\n\t\t\t\t\t<h2 class=\"elementor-heading-title elementor-size-default\">L'Institut Des Viandes GROUPE IFRAP <\/h2>\t\t\t\t<\/div>\n\t\t\t\t<\/div>\n\t\t\t\t<div class=\"elementor-element elementor-element-a670108 elementor-widget elementor-widget-image\" data-id=\"a670108\" data-element_type=\"widget\" data-widget_type=\"image.default\">\n\t\t\t\t<div class=\"elementor-widget-container\">\n\t\t\t\t\t\t\t\t\t\t\t\t\t\t\t<img decoding=\"async\" width=\"200\" height=\"35\" src=\"https:\/\/www.idv-fr.org\/wp-content\/uploads\/2018\/10\/divider-free-img-1.png\" class=\"attachment-large size-large wp-image-111\" alt=\"\" \/>\t\t\t\t\t\t\t\t\t\t\t\t\t\t\t<\/div>\n\t\t\t\t<\/div>\n\t\t\t\t<div class=\"elementor-element elementor-element-f0db8a8 elementor-invisible elementor-widget elementor-widget-text-editor\" data-id=\"f0db8a8\" data-element_type=\"widget\" data-settings=\"{&quot;_animation&quot;:&quot;fadeInUp&quot;,&quot;_animation_delay&quot;:200}\" data-widget_type=\"text-editor.default\">\n\t\t\t\t<div class=\"elementor-widget-container\">\n\t\t\t\t\t\t\t\t\t<p class=\"has-text-align-justify\" style=\"font-style: normal; font-family: Ubuntu, sans-serif; font-size: 15px; margin-bottom: 1.7em; caret-color: #444444; color: #444444; text-align: center;\">L&rsquo;<strong>IFRAP<\/strong>, <strong>I<\/strong>nstitut de <strong>F<\/strong>ormation et de <strong>R<\/strong>echerche pour l\u2019<strong>A<\/strong>cc<span class=\"has-inline-color has-black-color\" style=\"border: 0px; font-family: inherit; margin: 0px; outline: 0px; padding: 0px; vertical-align: baseline;\">ompagnement <strong>P<\/strong>rofessionnel,\u00a0<span style=\"border: 0px; font-family: inherit; margin: 0px; outline: 0px; padding: 0px; vertical-align: baseline;\">cr\u00e9\u00e9 en 2010<\/span>, est un <strong>organisme de formation<\/strong> et de conseil dont\u00a0<span style=\"border: 0px; font-family: inherit; margin: 0px; outline: 0px; padding: 0px; vertical-align: baseline;\">le but est d\u2019assister les <strong>entreprises<\/strong> dans leurs <strong>processus d\u2019int\u00e9gration<\/strong><\/span> <span style=\"border: 0px; font-family: inherit; margin: 0px; outline: 0px; padding: 0px; vertical-align: baseline;\">et de d<strong>\u00e9veloppement des comp\u00e9tences<\/strong> de leurs collaborateurs<\/span>, tout en leur app<\/span>ortant une <strong>expertise<\/strong> en mati\u00e8re de <strong>solutions de financement<\/strong>.<\/p><p class=\"has-text-align-justify\" style=\"font-style: normal; font-family: Ubuntu, sans-serif; font-size: 15px; margin-bottom: 1.7em; caret-color: #444444; color: #444444; text-align: center;\">Plus concr\u00e8tement, l&rsquo;<strong>IFRAP<\/strong> <strong>accompagne<\/strong> les entreprises dans leurs p<strong>rojets de formation<\/strong>, mais \u00e9galement les individus dans leurs projets de formation et <strong>reconversion professionnelle<\/strong>.<span class=\"has-inline-color has-luminous-vivid-orange-color\" style=\"border: 0px; font-family: inherit; margin: 0px; outline: 0px; padding: 0px; vertical-align: baseline;\">\u00a0<\/span><\/p><p class=\"has-text-align-justify\" style=\"font-style: normal; font-family: Ubuntu, sans-serif; font-size: 15px; margin-bottom: 1.7em; caret-color: #444444; color: #444444; text-align: center;\">Certifi\u00e9s par le titre professionnel de Formateur\/trice Professionnel(le) d\u2019Adultes, les membres de\u00a0<span style=\"border: 0px; font-family: inherit; font-weight: bold; margin: 0px; outline: 0px; padding: 0px; vertical-align: baseline;\"><span style=\"border: 0px; font-family: inherit; font-weight: inherit; margin: 0px; outline: 0px; padding: 0px; vertical-align: baseline;\">l\u2019\u00e9quipe de l\u2019IFRAP\u00a0<\/span><\/span>sont aussi\u00a0<span style=\"border: 0px; font-family: inherit; font-weight: bold; margin: 0px; outline: 0px; padding: 0px; vertical-align: baseline;\"><span style=\"border: 0px; font-family: inherit; font-weight: inherit; margin: 0px; outline: 0px; padding: 0px; vertical-align: baseline;\">forts d\u2019une exp\u00e9rience terrain<\/span><\/span>\u00a0significative.<span style=\"border: 0px; font-family: inherit; font-weight: bold; margin: 0px; outline: 0px; padding: 0px; vertical-align: baseline;\"><span style=\"border: 0px; font-family: inherit; font-weight: inherit; margin: 0px; outline: 0px; padding: 0px; vertical-align: baseline;\">\u00a0Experts de leurs m\u00e9tiers\u00a0<\/span><\/span>ils accompagnent les entreprises dans la recherche et la cr\u00e9ation du cursus de formation le plus efficient. Cet accompagnement comprend aussi l\u2019ing\u00e9nierie de formation et la recherche de financements.<\/p><p class=\"has-text-align-justify\" style=\"font-style: normal; font-family: Ubuntu, sans-serif; font-size: 15px; margin-bottom: 1.7em; caret-color: #444444; color: #444444; text-align: center;\">L\u2019IFRAP est compos\u00e9 de 2 entit\u00e9s distinctes avec chacune ses sp\u00e9cialit\u00e9s :\u00a0<\/p><ul><li class=\"has-text-align-justify\" style=\"font-style: normal; font-family: Ubuntu, sans-serif; font-size: 15px; caret-color: #444444; color: #444444; text-align: left;\">L&rsquo;<strong>IDV<\/strong>, <strong>I<\/strong>nstitut <strong>D<\/strong>es <strong>V<\/strong>iandes, est un organisme de formation sp\u00e9cialis\u00e9 dans les formations au m\u00e9tier de Boucher. L\u2019\u00e9quipe de l\u2019IDV s\u2019occupe de la mise en relation des candidats aux formations avec les employeurs. Elle g\u00e8re \u00e9galement l\u2019administratif en lien avec les contrats et dossiers de financements.<\/li><li class=\"has-text-align-justify\" style=\"font-style: normal; font-family: Ubuntu, sans-serif; font-size: 15px; caret-color: #444444; color: #444444; text-align: left;\">L\u2019\u00e9quipe \u00ab\u00a0source\u00a0\u00bb de l\u2019<span style=\"border: 0px; font-family: inherit; font-weight: bold; margin: 0px; outline: 0px; padding: 0px; vertical-align: baseline;\">IFRAP<\/span>\u00a0qui g\u00e8re l\u2019ing\u00e9nierie de formation et les demandes de programme sur-mesure.<\/li><\/ul>\t\t\t\t\t\t\t\t<\/div>\n\t\t\t\t<\/div>\n\t\t\t\t<div class=\"elementor-element elementor-element-7fbe097b elementor-widget elementor-widget-image\" data-id=\"7fbe097b\" data-element_type=\"widget\" data-widget_type=\"image.default\">\n\t\t\t\t<div class=\"elementor-widget-container\">\n\t\t\t\t\t\t\t\t\t\t\t\t\t\t\t<img decoding=\"async\" src=\"https:\/\/www.idv-fr.org\/wp-content\/uploads\/2022\/09\/divider-free-img-1.png\" title=\"\" alt=\"\" loading=\"lazy\" \/>\t\t\t\t\t\t\t\t\t\t\t\t\t\t\t<\/div>\n\t\t\t\t<\/div>\n\t\t\t\t\t<\/div>\n\t\t<\/div>\n\t\t\t\t<div class=\"elementor-column elementor-col-25 elementor-inner-column elementor-element elementor-element-3a7cfdc3\" data-id=\"3a7cfdc3\" data-element_type=\"column\">\n\t\t\t<div class=\"elementor-widget-wrap elementor-element-populated\">\n\t\t\t\t\t\t<div class=\"elementor-element elementor-element-a0c1553 elementor-widget elementor-widget-image\" data-id=\"a0c1553\" data-element_type=\"widget\" data-widget_type=\"image.default\">\n\t\t\t\t<div class=\"elementor-widget-container\">\n\t\t\t\t\t\t\t\t\t\t\t\t\t\t\t<img decoding=\"async\" width=\"590\" height=\"784\" src=\"https:\/\/www.idv-fr.org\/wp-content\/uploads\/2022\/10\/Capture-decran-2022-10-05-a-14.50.44.png\" class=\"attachment-large size-large wp-image-1231\" alt=\"\" srcset=\"https:\/\/www.idv-fr.org\/wp-content\/uploads\/2022\/10\/Capture-decran-2022-10-05-a-14.50.44.png 590w, https:\/\/www.idv-fr.org\/wp-content\/uploads\/2022\/10\/Capture-decran-2022-10-05-a-14.50.44-226x300.png 226w\" sizes=\"(max-width: 590px) 100vw, 590px\" \/>\t\t\t\t\t\t\t\t\t\t\t\t\t\t\t<\/div>\n\t\t\t\t<\/div>\n\t\t\t\t\t<\/div>\n\t\t<\/div>\n\t\t\t\t\t<\/div>\n\t\t<\/section>\n\t\t\t\t\t<\/div>\n\t\t<\/div>\n\t\t\t\t\t<\/div>\n\t\t<\/section>\n\t\t\t\t<section class=\"elementor-section elementor-inner-section elementor-element elementor-element-2b7a9987 elementor-section-content-middle elementor-section-boxed elementor-section-height-default elementor-section-height-default\" data-id=\"2b7a9987\" data-element_type=\"section\">\n\t\t\t\t\t\t<div class=\"elementor-container elementor-column-gap-default\">\n\t\t\t\t\t<div class=\"elementor-column elementor-col-25 elementor-inner-column elementor-element elementor-element-25d781dc\" data-id=\"25d781dc\" data-element_type=\"column\">\n\t\t\t<div class=\"elementor-widget-wrap elementor-element-populated\">\n\t\t\t\t\t\t<div class=\"elementor-element elementor-element-42727556 elementor-widget elementor-widget-image\" data-id=\"42727556\" data-element_type=\"widget\" data-widget_type=\"image.default\">\n\t\t\t\t<div class=\"elementor-widget-container\">\n\t\t\t\t\t\t\t\t\t\t\t\t\t\t\t<img loading=\"lazy\" decoding=\"async\" width=\"717\" height=\"960\" src=\"https:\/\/www.idv-fr.org\/wp-content\/uploads\/2022\/10\/A3890E53-0336-4ECC-91A4-42C185C89066.jpeg\" class=\"attachment-2048x2048 size-2048x2048 wp-image-1635\" alt=\"\" srcset=\"https:\/\/www.idv-fr.org\/wp-content\/uploads\/2022\/10\/A3890E53-0336-4ECC-91A4-42C185C89066.jpeg 717w, https:\/\/www.idv-fr.org\/wp-content\/uploads\/2022\/10\/A3890E53-0336-4ECC-91A4-42C185C89066-224x300.jpeg 224w\" sizes=\"(max-width: 717px) 100vw, 717px\" \/>\t\t\t\t\t\t\t\t\t\t\t\t\t\t\t<\/div>\n\t\t\t\t<\/div>\n\t\t\t\t\t<\/div>\n\t\t<\/div>\n\t\t\t\t<div class=\"elementor-column elementor-col-50 elementor-inner-column elementor-element elementor-element-5eb00f1c\" data-id=\"5eb00f1c\" data-element_type=\"column\">\n\t\t\t<div class=\"elementor-widget-wrap elementor-element-populated\">\n\t\t\t\t\t\t<div class=\"elementor-element elementor-element-489254ce elementor-invisible elementor-widget elementor-widget-heading\" data-id=\"489254ce\" data-element_type=\"widget\" data-settings=\"{&quot;_animation&quot;:&quot;fadeInDown&quot;}\" data-widget_type=\"heading.default\">\n\t\t\t\t<div class=\"elementor-widget-container\">\n\t\t\t\t\t<h2 class=\"elementor-heading-title elementor-size-default\"><i>En savoir plus sur l'IDV<\/i><\/h2>\t\t\t\t<\/div>\n\t\t\t\t<\/div>\n\t\t\t\t<div class=\"elementor-element elementor-element-9a61787 elementor-widget elementor-widget-image\" data-id=\"9a61787\" data-element_type=\"widget\" data-widget_type=\"image.default\">\n\t\t\t\t<div class=\"elementor-widget-container\">\n\t\t\t\t\t\t\t\t\t\t\t\t\t\t\t<img decoding=\"async\" width=\"200\" height=\"35\" src=\"https:\/\/www.idv-fr.org\/wp-content\/uploads\/2018\/10\/divider-free-img-1.png\" class=\"attachment-large size-large wp-image-111\" alt=\"\" \/>\t\t\t\t\t\t\t\t\t\t\t\t\t\t\t<\/div>\n\t\t\t\t<\/div>\n\t\t\t\t<div class=\"elementor-element elementor-element-26fd83df elementor-invisible elementor-widget elementor-widget-text-editor\" data-id=\"26fd83df\" data-element_type=\"widget\" data-settings=\"{&quot;_animation&quot;:&quot;fadeInUp&quot;,&quot;_animation_delay&quot;:200}\" data-widget_type=\"text-editor.default\">\n\t\t\t\t<div class=\"elementor-widget-container\">\n\t\t\t\t\t\t\t\t\t<p style=\"text-align: center;\"><span style=\"text-align: start; color: #000000;\">Depuis 13 ans, l&rsquo;\u00e9quipe de <\/span><span style=\"text-align: start; color: #000000; font-weight: bold;\">l&rsquo;IDV<\/span><span style=\"text-align: start; color: #000000;\">\u00a0s&rsquo;est sp\u00e9cialis\u00e9e dans la formation en\u00a0<\/span><span style=\"text-align: start; color: #000000; font-weight: bold;\">ALTERNANCE<\/span><span style=\"text-align: start; color: #000000;\">\u00a0d&rsquo;adultes\u00a0<\/span><span style=\"text-align: start; color: #000000; font-weight: bold;\">D\u00c9BUTANTS<\/span><span style=\"text-align: start; color: #000000;\">\u00a0ou en\u00a0<\/span><span style=\"text-align: start; color: #000000; font-weight: bold;\">RECONVERSION<\/span><span style=\"text-align: start; color: #000000;\">\u00a0<\/span><span style=\"text-align: start; color: #000000; font-weight: bold;\">PROFESSIONNELLE<\/span><span style=\"text-align: start; color: #000000;\">\u00a0dans le m\u00e9tier de\u00a0<\/span><span style=\"text-align: start; color: #000000; font-weight: bold;\">BOUCHER<\/span><span style=\"text-align: start; color: #000000;\">\u00a0en grande distribution<\/span><span style=\"text-align: start;\">.\u00a0<\/span><\/p><h6 style=\"text-align: center;\"><span style=\"text-align: start;\">L&rsquo;IDV propose des formations en alternance dans les rayons boucheries de la grande distribution et \u00e9galement pour les industriels de la viande en 1\u00e8re et 2\u00e8me transformation des viandes.<\/span><\/h6><h6 style=\"text-align: center;\"><span style=\"text-align: start;\">La formation aux m\u00e9tiers de la viande, c&rsquo;est le coeur de notre activit\u00e9. Nous formons aux techniques, normes et protocoles valid\u00e9s par les grandes et moyennes surface ainsi que par l&rsquo;industrie. C&rsquo;est un v\u00e9ritable parcours de formation ou de valorisation professionnelle que nous dispensons \u00e0 l&rsquo;institut des viandes<\/span><\/h6>\t\t\t\t\t\t\t\t<\/div>\n\t\t\t\t<\/div>\n\t\t\t\t<div class=\"elementor-element elementor-element-d94a111 elementor-align-center elementor-widget elementor-widget-button\" data-id=\"d94a111\" data-element_type=\"widget\" data-widget_type=\"button.default\">\n\t\t\t\t<div class=\"elementor-widget-container\">\n\t\t\t\t\t\t\t\t\t<div class=\"elementor-button-wrapper\">\n\t\t\t\t\t<a class=\"elementor-button elementor-button-link elementor-size-sm\" href=\"https:\/\/www.idv-fr.org\/index.php\/menu\/\">\n\t\t\t\t\t\t<span class=\"elementor-button-content-wrapper\">\n\t\t\t\t\t\t\t\t\t<span class=\"elementor-button-text\">D\u00e9couvrir la formation<\/span>\n\t\t\t\t\t<\/span>\n\t\t\t\t\t<\/a>\n\t\t\t\t<\/div>\n\t\t\t\t\t\t\t\t<\/div>\n\t\t\t\t<\/div>\n\t\t\t\t<div class=\"elementor-element elementor-element-17f83258 elementor-widget elementor-widget-image\" data-id=\"17f83258\" data-element_type=\"widget\" data-widget_type=\"image.default\">\n\t\t\t\t<div class=\"elementor-widget-container\">\n\t\t\t\t\t\t\t\t\t\t\t\t\t\t\t<img decoding=\"async\" src=\"https:\/\/www.idv-fr.org\/wp-content\/uploads\/2022\/09\/divider-free-img-1.png\" title=\"\" alt=\"\" loading=\"lazy\" \/>\t\t\t\t\t\t\t\t\t\t\t\t\t\t\t<\/div>\n\t\t\t\t<\/div>\n\t\t\t\t\t<\/div>\n\t\t<\/div>\n\t\t\t\t<div class=\"elementor-column elementor-col-25 elementor-inner-column elementor-element elementor-element-5b2a8d3b\" data-id=\"5b2a8d3b\" data-element_type=\"column\">\n\t\t\t<div class=\"elementor-widget-wrap elementor-element-populated\">\n\t\t\t\t\t\t<div class=\"elementor-element elementor-element-5312786b elementor-widget elementor-widget-image\" data-id=\"5312786b\" data-element_type=\"widget\" data-widget_type=\"image.default\">\n\t\t\t\t<div class=\"elementor-widget-container\">\n\t\t\t\t\t\t\t\t\t\t\t\t\t\t\t<img loading=\"lazy\" decoding=\"async\" width=\"754\" height=\"1024\" src=\"https:\/\/www.idv-fr.org\/wp-content\/uploads\/2022\/10\/IMG_8696-1-754x1024.jpg\" class=\"attachment-large size-large wp-image-1637\" alt=\"\" srcset=\"https:\/\/www.idv-fr.org\/wp-content\/uploads\/2022\/10\/IMG_8696-1-754x1024.jpg 754w, https:\/\/www.idv-fr.org\/wp-content\/uploads\/2022\/10\/IMG_8696-1-221x300.jpg 221w, https:\/\/www.idv-fr.org\/wp-content\/uploads\/2022\/10\/IMG_8696-1-768x1043.jpg 768w, https:\/\/www.idv-fr.org\/wp-content\/uploads\/2022\/10\/IMG_8696-1-1131x1536.jpg 1131w, https:\/\/www.idv-fr.org\/wp-content\/uploads\/2022\/10\/IMG_8696-1-1508x2048.jpg 1508w, https:\/\/www.idv-fr.org\/wp-content\/uploads\/2022\/10\/IMG_8696-1.jpg 1802w\" sizes=\"(max-width: 754px) 100vw, 754px\" \/>\t\t\t\t\t\t\t\t\t\t\t\t\t\t\t<\/div>\n\t\t\t\t<\/div>\n\t\t\t\t\t<\/div>\n\t\t<\/div>\n\t\t\t\t\t<\/div>\n\t\t<\/section>\n\t\t\t\t<section class=\"elementor-section elementor-top-section elementor-element elementor-element-75247e86 elementor-section-boxed elementor-section-height-default elementor-section-height-default\" data-id=\"75247e86\" data-element_type=\"section\" data-settings=\"{&quot;background_background&quot;:&quot;classic&quot;,&quot;shape_divider_top&quot;:&quot;triangle&quot;,&quot;shape_divider_bottom&quot;:&quot;triangle&quot;}\">\n\t\t\t\t\t\t\t<div class=\"elementor-background-overlay\"><\/div>\n\t\t\t\t\t\t<div class=\"elementor-shape elementor-shape-top\" aria-hidden=\"true\" data-negative=\"false\">\n\t\t\t<svg xmlns=\"http:\/\/www.w3.org\/2000\/svg\" viewBox=\"0 0 1000 100\" preserveAspectRatio=\"none\">\n\t<path class=\"elementor-shape-fill\" d=\"M500,98.9L0,6.1V0h1000v6.1L500,98.9z\"\/>\n<\/svg>\t\t<\/div>\n\t\t\t\t<div class=\"elementor-shape elementor-shape-bottom\" aria-hidden=\"true\" data-negative=\"false\">\n\t\t\t<svg xmlns=\"http:\/\/www.w3.org\/2000\/svg\" viewBox=\"0 0 1000 100\" preserveAspectRatio=\"none\">\n\t<path class=\"elementor-shape-fill\" d=\"M500,98.9L0,6.1V0h1000v6.1L500,98.9z\"\/>\n<\/svg>\t\t<\/div>\n\t\t\t\t\t<div class=\"elementor-container elementor-column-gap-wider\">\n\t\t\t\t\t<div class=\"elementor-column elementor-col-100 elementor-top-column elementor-element elementor-element-59a5c679\" data-id=\"59a5c679\" data-element_type=\"column\">\n\t\t\t<div class=\"elementor-widget-wrap elementor-element-populated\">\n\t\t\t\t\t\t<div class=\"elementor-element elementor-element-4fc76d9 elementor-widget elementor-widget-heading\" data-id=\"4fc76d9\" data-element_type=\"widget\" data-widget_type=\"heading.default\">\n\t\t\t\t<div class=\"elementor-widget-container\">\n\t\t\t\t\t<h2 class=\"elementor-heading-title elementor-size-default\">NOS VALEURS<\/h2>\t\t\t\t<\/div>\n\t\t\t\t<\/div>\n\t\t\t\t<div class=\"elementor-element elementor-element-7debbe47 elementor-widget elementor-widget-text-editor\" data-id=\"7debbe47\" data-element_type=\"widget\" data-widget_type=\"text-editor.default\">\n\t\t\t\t<div class=\"elementor-widget-container\">\n\t\t\t\t\t\t\t\t\t<h3 style=\"font-style: normal; box-sizing: inherit; margin-bottom: 2rem; font-family: '1942-report'; line-height: 1em; color: #ffffff; font-size: 20px; letter-spacing: 1px; text-transform: uppercase;\"><br><\/h3>\n<h3 style=\"font-style: normal; box-sizing: inherit; margin-bottom: 2rem; font-family: '1942-report'; line-height: 1em; color: #ffffff; font-size: 20px; letter-spacing: 1px; text-transform: uppercase; text-align: justify;\">L\u2019\u00c9QUIPE DE L\u2019IDV S\u2019APPUIE SUR 6 GRANDS LEVIERS POUR R\u00c9USSIR L\u2019INT\u00c9GRATION DES NOUVEAUX collaborateurs AU TRAVERS DE LA FORMATION par alternance :<br style=\"box-sizing: inherit; padding: 0px; margin: 0px;\"><br style=\"box-sizing: inherit; padding: 0px; margin: 0px;\">&#8211; LE PR\u00c9-RECRUTEMENT PAR L\u2019IDV<br style=\"box-sizing: inherit; padding: 0px; margin: 0px;\">&#8211; UN ACCOMPAGNEMENT INDIVIDUALIS\u00c9<br style=\"box-sizing: inherit; padding: 0px; margin: 0px;\">&#8211; UNE FORMATION SUR-MESURE<br style=\"box-sizing: inherit; padding: 0px; margin: 0px;\">&#8211; UNE FORMATION 100% M\u00c9TIER<br style=\"box-sizing: inherit; padding: 0px; margin: 0px;\">&#8211; UN RYTHME D\u2019ALTERNANCE ADAPT\u00c9 AU M\u00c9TIER et \u00e0 la gms<br style=\"box-sizing: inherit; padding: 0px; margin: 0px;\">&#8211; L\u2019EXPERTISE DE NOTRE \u00c9QUIPE AU SERVICE DE VOTRE certification&nbsp;<\/h3>\t\t\t\t\t\t\t\t<\/div>\n\t\t\t\t<\/div>\n\t\t\t\t\t<\/div>\n\t\t<\/div>\n\t\t\t\t\t<\/div>\n\t\t<\/section>\n\t\t\t\t<section class=\"elementor-section elementor-top-section elementor-element elementor-element-1bd99c04 elementor-section-boxed elementor-section-height-default elementor-section-height-default\" data-id=\"1bd99c04\" data-element_type=\"section\">\n\t\t\t\t\t\t<div class=\"elementor-container elementor-column-gap-no\">\n\t\t\t\t\t<div class=\"elementor-column elementor-col-100 elementor-top-column elementor-element elementor-element-47c1d4da\" data-id=\"47c1d4da\" data-element_type=\"column\">\n\t\t\t<div class=\"elementor-widget-wrap elementor-element-populated\">\n\t\t\t\t\t\t<div class=\"elementor-element elementor-element-635236ec elementor-widget elementor-widget-heading\" data-id=\"635236ec\" data-element_type=\"widget\" data-widget_type=\"heading.default\">\n\t\t\t\t<div class=\"elementor-widget-container\">\n\t\t\t\t\t<h2 class=\"elementor-heading-title elementor-size-default\">Nos R\u00e9seaux Sociaux <\/h2>\t\t\t\t<\/div>\n\t\t\t\t<\/div>\n\t\t\t\t<div class=\"elementor-element elementor-element-269bf864 elementor-widget elementor-widget-heading\" data-id=\"269bf864\" data-element_type=\"widget\" data-widget_type=\"heading.default\">\n\t\t\t\t<div class=\"elementor-widget-container\">\n\t\t\t\t\t<div class=\"elementor-heading-title elementor-size-medium\">Suivez-nous pour d\u00e9couvrir des photos et vid\u00e9os en exclusivit\u00e9 ! <\/div>\t\t\t\t<\/div>\n\t\t\t\t<\/div>\n\t\t\t\t\t<\/div>\n\t\t<\/div>\n\t\t\t\t\t<\/div>\n\t\t<\/section>\n\t\t\t\t<section class=\"elementor-section elementor-top-section elementor-element elementor-element-27d727d6 elementor-section-boxed elementor-section-height-default elementor-section-height-default\" data-id=\"27d727d6\" data-element_type=\"section\">\n\t\t\t\t\t\t<div class=\"elementor-container elementor-column-gap-default\">\n\t\t\t\t\t<div class=\"elementor-column elementor-col-100 elementor-top-column elementor-element elementor-element-28f2bdf5\" data-id=\"28f2bdf5\" data-element_type=\"column\">\n\t\t\t<div class=\"elementor-widget-wrap elementor-element-populated\">\n\t\t\t\t\t\t<div class=\"elementor-element elementor-element-728d8129 elementor-shape-rounded elementor-grid-0 e-grid-align-center elementor-widget elementor-widget-social-icons\" data-id=\"728d8129\" data-element_type=\"widget\" data-widget_type=\"social-icons.default\">\n\t\t\t\t<div class=\"elementor-widget-container\">\n\t\t\t\t\t\t\t<div class=\"elementor-social-icons-wrapper elementor-grid\" role=\"list\">\n\t\t\t\t\t\t\t<span class=\"elementor-grid-item\" role=\"listitem\">\n\t\t\t\t\t<a class=\"elementor-icon elementor-social-icon elementor-social-icon-facebook elementor-repeater-item-7b08cc6\" href=\"https:\/\/www.facebook.com\/IDVFormation\/\" target=\"_blank\">\n\t\t\t\t\t\t<span class=\"elementor-screen-only\">Facebook<\/span>\n\t\t\t\t\t\t<i class=\"fab fa-facebook\"><\/i>\t\t\t\t\t<\/a>\n\t\t\t\t<\/span>\n\t\t\t\t\t\t\t<span class=\"elementor-grid-item\" role=\"listitem\">\n\t\t\t\t\t<a class=\"elementor-icon elementor-social-icon elementor-social-icon-instagram elementor-repeater-item-7ae9ea1\" href=\"https:\/\/www.instagram.com\/institut_des_viandes\/\" target=\"_blank\">\n\t\t\t\t\t\t<span class=\"elementor-screen-only\">Instagram<\/span>\n\t\t\t\t\t\t<i class=\"fab fa-instagram\"><\/i>\t\t\t\t\t<\/a>\n\t\t\t\t<\/span>\n\t\t\t\t\t\t\t<span class=\"elementor-grid-item\" role=\"listitem\">\n\t\t\t\t\t<a class=\"elementor-icon elementor-social-icon elementor-social-icon-linkedin elementor-repeater-item-0d06d6e\" href=\"https:\/\/www.linkedin.com\/showcase\/institut-des-viandes\/\" target=\"_blank\">\n\t\t\t\t\t\t<span class=\"elementor-screen-only\">Linkedin<\/span>\n\t\t\t\t\t\t<i class=\"fab fa-linkedin\"><\/i>\t\t\t\t\t<\/a>\n\t\t\t\t<\/span>\n\t\t\t\t\t<\/div>\n\t\t\t\t\t\t<\/div>\n\t\t\t\t<\/div>\n\t\t\t\t\t<\/div>\n\t\t<\/div>\n\t\t\t\t\t<\/div>\n\t\t<\/section>\n\t\t\t\t<\/div>\n\t\t","protected":false},"excerpt":{"rendered":"<p>QUI SOMMES-NOUS ? L&rsquo;Institut Des Viandes GROUPE IFRAP L&rsquo;IFRAP, Institut de Formation et de Recherche pour l\u2019Accompagnement Professionnel,\u00a0cr\u00e9\u00e9 en 2010, est un organisme de formation et de conseil dont\u00a0le but est d\u2019assister les entreprises dans leurs processus d\u2019int\u00e9gration et de d\u00e9veloppement des comp\u00e9tences de leurs collaborateurs, tout en leur apportant une expertise en mati\u00e8re de &hellip;<\/p>\n<p class=\"read-more\"> <a class=\"\" href=\"https:\/\/www.idv-fr.org\/index.php\/linstitut-des-viandes\/\"> <span class=\"screen-reader-text\">QUI SOMMES-NOUS ?<\/span> Lire la suite\u00a0\u00bb<\/a><\/p>\n","protected":false},"author":1,"featured_media":0,"parent":0,"menu_order":2,"comment_status":"closed","ping_status":"closed","template":"","meta":{"site-sidebar-layout":"no-sidebar","site-content-layout":"page-builder","ast-global-header-display":"","ast-banner-title-visibility":"","ast-main-header-display":"","ast-hfb-above-header-display":"","ast-hfb-below-header-display":"","ast-hfb-mobile-header-display":"","site-post-title":"disabled","ast-breadcrumbs-content":"","ast-featured-img":"disabled","footer-sml-layout":"","theme-transparent-header-meta":"","adv-header-id-meta":"","stick-header-meta":"","header-above-stick-meta":"","header-main-stick-meta":"","header-below-stick-meta":"","footnotes":""},"class_list":["post-569","page","type-page","status-publish","hentry"],"yoast_head":"<!-- This site is optimized with the Yoast SEO plugin v25.3.1 - https:\/\/yoast.com\/wordpress\/plugins\/seo\/ -->\n<title>QUI SOMMES-NOUS ? - IDV<\/title>\n<meta name=\"description\" content=\"L\u2019Institut Des Viandes, est un organisme de formation sp\u00e9cialis\u00e9 dans les formations au m\u00e9tier de Boucher. D\u00e9couvrez nos formations !\" \/>\n<meta name=\"robots\" content=\"index, follow, max-snippet:-1, max-image-preview:large, max-video-preview:-1\" \/>\n<link rel=\"canonical\" href=\"https:\/\/www.idv-fr.org\/index.php\/linstitut-des-viandes\/\" \/>\n<meta property=\"og:locale\" content=\"fr_FR\" \/>\n<meta property=\"og:type\" content=\"article\" \/>\n<meta property=\"og:title\" content=\"QUI SOMMES-NOUS ? - IDV\" \/>\n<meta property=\"og:description\" content=\"L\u2019Institut Des Viandes, est un organisme de formation sp\u00e9cialis\u00e9 dans les formations au m\u00e9tier de Boucher. D\u00e9couvrez nos formations !\" \/>\n<meta property=\"og:url\" content=\"https:\/\/www.idv-fr.org\/index.php\/linstitut-des-viandes\/\" \/>\n<meta property=\"og:site_name\" content=\"IDV\" \/>\n<meta property=\"article:publisher\" content=\"https:\/\/www.facebook.com\/IDVFormation\" \/>\n<meta property=\"article:modified_time\" content=\"2025-01-09T10:24:09+00:00\" \/>\n<meta property=\"og:image\" content=\"https:\/\/www.idv-fr.org\/wp-content\/uploads\/2022\/09\/divider-free-img-1.png\" \/>\n<meta name=\"twitter:card\" content=\"summary_large_image\" \/>\n<meta name=\"twitter:label1\" content=\"Dur\u00e9e de lecture estim\u00e9e\" \/>\n\t<meta name=\"twitter:data1\" content=\"4 minutes\" \/>\n<script type=\"application\/ld+json\" class=\"yoast-schema-graph\">{\"@context\":\"https:\/\/schema.org\",\"@graph\":[{\"@type\":\"WebPage\",\"@id\":\"https:\/\/www.idv-fr.org\/index.php\/linstitut-des-viandes\/\",\"url\":\"https:\/\/www.idv-fr.org\/index.php\/linstitut-des-viandes\/\",\"name\":\"QUI SOMMES-NOUS ? - IDV\",\"isPartOf\":{\"@id\":\"https:\/\/www.idv-fr.org\/#website\"},\"primaryImageOfPage\":{\"@id\":\"https:\/\/www.idv-fr.org\/index.php\/linstitut-des-viandes\/#primaryimage\"},\"image\":{\"@id\":\"https:\/\/www.idv-fr.org\/index.php\/linstitut-des-viandes\/#primaryimage\"},\"thumbnailUrl\":\"https:\/\/www.idv-fr.org\/wp-content\/uploads\/2022\/09\/divider-free-img-1.png\",\"datePublished\":\"2018-10-01T13:10:05+00:00\",\"dateModified\":\"2025-01-09T10:24:09+00:00\",\"description\":\"L\u2019Institut Des Viandes, est un organisme de formation sp\u00e9cialis\u00e9 dans les formations au m\u00e9tier de Boucher. D\u00e9couvrez nos formations !\",\"breadcrumb\":{\"@id\":\"https:\/\/www.idv-fr.org\/index.php\/linstitut-des-viandes\/#breadcrumb\"},\"inLanguage\":\"fr-FR\",\"potentialAction\":[{\"@type\":\"ReadAction\",\"target\":[\"https:\/\/www.idv-fr.org\/index.php\/linstitut-des-viandes\/\"]}]},{\"@type\":\"ImageObject\",\"inLanguage\":\"fr-FR\",\"@id\":\"https:\/\/www.idv-fr.org\/index.php\/linstitut-des-viandes\/#primaryimage\",\"url\":\"https:\/\/www.idv-fr.org\/wp-content\/uploads\/2022\/09\/divider-free-img-1.png\",\"contentUrl\":\"https:\/\/www.idv-fr.org\/wp-content\/uploads\/2022\/09\/divider-free-img-1.png\"},{\"@type\":\"BreadcrumbList\",\"@id\":\"https:\/\/www.idv-fr.org\/index.php\/linstitut-des-viandes\/#breadcrumb\",\"itemListElement\":[{\"@type\":\"ListItem\",\"position\":1,\"name\":\"Accueil\",\"item\":\"https:\/\/www.idv-fr.org\/\"},{\"@type\":\"ListItem\",\"position\":2,\"name\":\"QUI SOMMES-NOUS ?\"}]},{\"@type\":\"WebSite\",\"@id\":\"https:\/\/www.idv-fr.org\/#website\",\"url\":\"https:\/\/www.idv-fr.org\/\",\"name\":\"IDV\",\"description\":\"Un site utilisant WordPress\",\"publisher\":{\"@id\":\"https:\/\/www.idv-fr.org\/#organization\"},\"potentialAction\":[{\"@type\":\"SearchAction\",\"target\":{\"@type\":\"EntryPoint\",\"urlTemplate\":\"https:\/\/www.idv-fr.org\/?s={search_term_string}\"},\"query-input\":{\"@type\":\"PropertyValueSpecification\",\"valueRequired\":true,\"valueName\":\"search_term_string\"}}],\"inLanguage\":\"fr-FR\"},{\"@type\":\"Organization\",\"@id\":\"https:\/\/www.idv-fr.org\/#organization\",\"name\":\"Institut Des Viandes\",\"url\":\"https:\/\/www.idv-fr.org\/\",\"logo\":{\"@type\":\"ImageObject\",\"inLanguage\":\"fr-FR\",\"@id\":\"https:\/\/www.idv-fr.org\/#\/schema\/logo\/image\/\",\"url\":\"https:\/\/www.idv-fr.org\/wp-content\/uploads\/2022\/09\/LOGO-NOIR-Institut-des-viandes-detoure-1-1.png\",\"contentUrl\":\"https:\/\/www.idv-fr.org\/wp-content\/uploads\/2022\/09\/LOGO-NOIR-Institut-des-viandes-detoure-1-1.png\",\"width\":3008,\"height\":588,\"caption\":\"Institut Des Viandes\"},\"image\":{\"@id\":\"https:\/\/www.idv-fr.org\/#\/schema\/logo\/image\/\"},\"sameAs\":[\"https:\/\/www.facebook.com\/IDVFormation\",\"https:\/\/www.instagram.com\/institut_des_viandes\/\",\"https:\/\/www.linkedin.com\/showcase\/institut-des-viandes\/\"]}]}<\/script>\n<!-- \/ Yoast SEO plugin. -->","yoast_head_json":{"title":"QUI SOMMES-NOUS ? - IDV","description":"L\u2019Institut Des Viandes, est un organisme de formation sp\u00e9cialis\u00e9 dans les formations au m\u00e9tier de Boucher. D\u00e9couvrez nos formations !","robots":{"index":"index","follow":"follow","max-snippet":"max-snippet:-1","max-image-preview":"max-image-preview:large","max-video-preview":"max-video-preview:-1"},"canonical":"https:\/\/www.idv-fr.org\/index.php\/linstitut-des-viandes\/","og_locale":"fr_FR","og_type":"article","og_title":"QUI SOMMES-NOUS ? - IDV","og_description":"L\u2019Institut Des Viandes, est un organisme de formation sp\u00e9cialis\u00e9 dans les formations au m\u00e9tier de Boucher. D\u00e9couvrez nos formations !","og_url":"https:\/\/www.idv-fr.org\/index.php\/linstitut-des-viandes\/","og_site_name":"IDV","article_publisher":"https:\/\/www.facebook.com\/IDVFormation","article_modified_time":"2025-01-09T10:24:09+00:00","og_image":[{"url":"https:\/\/www.idv-fr.org\/wp-content\/uploads\/2022\/09\/divider-free-img-1.png","type":"","width":"","height":""}],"twitter_card":"summary_large_image","twitter_misc":{"Dur\u00e9e de lecture estim\u00e9e":"4 minutes"},"schema":{"@context":"https:\/\/schema.org","@graph":[{"@type":"WebPage","@id":"https:\/\/www.idv-fr.org\/index.php\/linstitut-des-viandes\/","url":"https:\/\/www.idv-fr.org\/index.php\/linstitut-des-viandes\/","name":"QUI SOMMES-NOUS ? - IDV","isPartOf":{"@id":"https:\/\/www.idv-fr.org\/#website"},"primaryImageOfPage":{"@id":"https:\/\/www.idv-fr.org\/index.php\/linstitut-des-viandes\/#primaryimage"},"image":{"@id":"https:\/\/www.idv-fr.org\/index.php\/linstitut-des-viandes\/#primaryimage"},"thumbnailUrl":"https:\/\/www.idv-fr.org\/wp-content\/uploads\/2022\/09\/divider-free-img-1.png","datePublished":"2018-10-01T13:10:05+00:00","dateModified":"2025-01-09T10:24:09+00:00","description":"L\u2019Institut Des Viandes, est un organisme de formation sp\u00e9cialis\u00e9 dans les formations au m\u00e9tier de Boucher. D\u00e9couvrez nos formations !","breadcrumb":{"@id":"https:\/\/www.idv-fr.org\/index.php\/linstitut-des-viandes\/#breadcrumb"},"inLanguage":"fr-FR","potentialAction":[{"@type":"ReadAction","target":["https:\/\/www.idv-fr.org\/index.php\/linstitut-des-viandes\/"]}]},{"@type":"ImageObject","inLanguage":"fr-FR","@id":"https:\/\/www.idv-fr.org\/index.php\/linstitut-des-viandes\/#primaryimage","url":"https:\/\/www.idv-fr.org\/wp-content\/uploads\/2022\/09\/divider-free-img-1.png","contentUrl":"https:\/\/www.idv-fr.org\/wp-content\/uploads\/2022\/09\/divider-free-img-1.png"},{"@type":"BreadcrumbList","@id":"https:\/\/www.idv-fr.org\/index.php\/linstitut-des-viandes\/#breadcrumb","itemListElement":[{"@type":"ListItem","position":1,"name":"Accueil","item":"https:\/\/www.idv-fr.org\/"},{"@type":"ListItem","position":2,"name":"QUI SOMMES-NOUS ?"}]},{"@type":"WebSite","@id":"https:\/\/www.idv-fr.org\/#website","url":"https:\/\/www.idv-fr.org\/","name":"IDV","description":"Un site utilisant WordPress","publisher":{"@id":"https:\/\/www.idv-fr.org\/#organization"},"potentialAction":[{"@type":"SearchAction","target":{"@type":"EntryPoint","urlTemplate":"https:\/\/www.idv-fr.org\/?s={search_term_string}"},"query-input":{"@type":"PropertyValueSpecification","valueRequired":true,"valueName":"search_term_string"}}],"inLanguage":"fr-FR"},{"@type":"Organization","@id":"https:\/\/www.idv-fr.org\/#organization","name":"Institut Des Viandes","url":"https:\/\/www.idv-fr.org\/","logo":{"@type":"ImageObject","inLanguage":"fr-FR","@id":"https:\/\/www.idv-fr.org\/#\/schema\/logo\/image\/","url":"https:\/\/www.idv-fr.org\/wp-content\/uploads\/2022\/09\/LOGO-NOIR-Institut-des-viandes-detoure-1-1.png","contentUrl":"https:\/\/www.idv-fr.org\/wp-content\/uploads\/2022\/09\/LOGO-NOIR-Institut-des-viandes-detoure-1-1.png","width":3008,"height":588,"caption":"Institut Des Viandes"},"image":{"@id":"https:\/\/www.idv-fr.org\/#\/schema\/logo\/image\/"},"sameAs":["https:\/\/www.facebook.com\/IDVFormation","https:\/\/www.instagram.com\/institut_des_viandes\/","https:\/\/www.linkedin.com\/showcase\/institut-des-viandes\/"]}]}},"_links":{"self":[{"href":"https:\/\/www.idv-fr.org\/index.php\/wp-json\/wp\/v2\/pages\/569","targetHints":{"allow":["GET"]}}],"collection":[{"href":"https:\/\/www.idv-fr.org\/index.php\/wp-json\/wp\/v2\/pages"}],"about":[{"href":"https:\/\/www.idv-fr.org\/index.php\/wp-json\/wp\/v2\/types\/page"}],"author":[{"embeddable":true,"href":"https:\/\/www.idv-fr.org\/index.php\/wp-json\/wp\/v2\/users\/1"}],"replies":[{"embeddable":true,"href":"https:\/\/www.idv-fr.org\/index.php\/wp-json\/wp\/v2\/comments?post=569"}],"version-history":[{"count":81,"href":"https:\/\/www.idv-fr.org\/index.php\/wp-json\/wp\/v2\/pages\/569\/revisions"}],"predecessor-version":[{"id":3805,"href":"https:\/\/www.idv-fr.org\/index.php\/wp-json\/wp\/v2\/pages\/569\/revisions\/3805"}],"wp:attachment":[{"href":"https:\/\/www.idv-fr.org\/index.php\/wp-json\/wp\/v2\/media?parent=569"}],"curies":[{"name":"wp","href":"https:\/\/api.w.org\/{rel}","templated":true}]}}